{"id":11,"date":"2025-04-02T05:54:46","date_gmt":"2025-04-02T05:54:46","guid":{"rendered":"https:\/\/aktionszeitung.de\/?page_id=11"},"modified":"2026-02-21T11:25:22","modified_gmt":"2026-02-21T11:25:22","slug":"start","status":"publish","type":"page","link":"https:\/\/aktionszeitung.de\/","title":{"rendered":"Start"},"content":{"rendered":"\n<hr class=\"wp-block-separator has-alpha-channel-opacity\"\/>\n\n\n\n<figure class=\"wp-block-image size-full\"><img loading=\"lazy\" decoding=\"async\" width=\"1017\" height=\"402\" src=\"https:\/\/aktionszeitung.de\/wp-content\/uploads\/2025\/04\/Logo-aktionszeitung.jpg\" alt=\"Logo aktionszeitung\" class=\"wp-image-19\" srcset=\"https:\/\/aktionszeitung.de\/wp-content\/uploads\/2025\/04\/Logo-aktionszeitung.jpg 1017w, https:\/\/aktionszeitung.de\/wp-content\/uploads\/2025\/04\/Logo-aktionszeitung-300x119.jpg 300w, https:\/\/aktionszeitung.de\/wp-content\/uploads\/2025\/04\/Logo-aktionszeitung-768x304.jpg 768w\" sizes=\"auto, (max-width: 1017px) 100vw, 1017px\" \/><\/figure>\n\n\n\n<hr class=\"wp-block-separator has-alpha-channel-opacity\"\/>\n\n\n\n<h2 class=\"wp-block-heading\"><strong>Bericht Auswertungstreffen vom 19.9.25<\/strong><\/h2>\n\n\n\n<p>Liebe Kollegin, lieber Kollege,<br>anbei ein kleiner Bericht \u00fcber den Auswertungszoom, den wir am 18. September durchgef\u00fchrt haben und wie unsere weiteren Planungen sind.<br>I.<br>Die Runde R\u00fcckblick auf die Nr. 3 ergab neben positiven Reaktionen vor allem den Wunsch nach mehr Zuspitzung:<br>\u2013 es wird nicht klar, was wir wollen und wo es mit der Zeitung hingeht; die Themenauswahl war zu diffus<br>\u2013 zu kommentierend und sanft gegen\u00fcber den Gewerkschaftsf\u00fchrungen;<br>\u2013 wir haben das Wort &#8222;Zukunft&#8220; in unserer Unterzeile: was sind zukunftsf\u00e4hige Betriebe?<br>\u2013 einzelne Kritik gab es am Artikel \u00fcber den Freihandel und am Artikel \u00fcber Ford (&#8222;zu positiv&#8220;)<br>\u2013 politisch nicht nur auf Die Linke schauen<br>\u2013 die Ausgabe war zu Antimilitarismus-lastig; Beitr\u00e4ge aus dem Bahnsektor haben gefehlt<br>\u2013 gefehlt hat auch der Kasten mit dem Aktionsaufruf angeregt wurden<br>\u2013 Seiten\u00fcberschriften<br>\u2013 mehr Kapitalismuskritik und mehr Sachinformationen zu bestimmten Details;<br>Unter Linken verteilt sich die Zeitung gut, bei &#8222;normalen&#8220;<br>Kolleg:innen ist es schwierig. Vorschlag:<br>Noch mehr Berichte aus Betrieben \u2013 diesbez\u00fcglich war die Nr.2 die beste. auch Beispiele aus der Geschichte<\/p>\n\n\n\n<p>II.<br>Vorgeschlagen wurde, die Grundstruktur zu \u00fcberarbeiten, in<br>folgende Richtungen:<\/p>\n\n\n\n<ul class=\"wp-block-list\">\n<li>Entwicklung in der Autoindustrie;<\/li>\n\n\n\n<li>Argumentationshilfen, etwa beim Thema Subventionen f\u00fcr die Autoindustrie; R\u00fcstung als Jobmotor?\/<br>Wirtschaftswachstum durch Milit\u00e4rkeynesianismus?; Produktionsf\u00e4higkeiten verteidigen;<\/li>\n\n\n\n<li>woher kommt das Geld? \/\/ Sparhaushalt: Mythen entgegentreten<\/li>\n\n\n\n<li>Im Zusammenhang mit dem Umbau zur R\u00fcstung ist unsere h\u00e4rteste Nuss: &#8222;Hauptsache Arbeit&#8220;.<\/li>\n\n\n\n<li>in welchen Werken kann man konvertieren? Wie laufen die Prozesse konkret \u2013 etwa VW Osnabr\u00fcck<\/li>\n\n\n\n<li>welche juristischen M\u00f6glichkeiten gibt es?<\/li>\n\n\n\n<li>welche Aktionen finden statt und wie k\u00f6nnen sie verbreitert werden?<\/li>\n\n\n\n<li>was tut die Gewerkschaft? Positives und Negatives<\/li>\n\n\n\n<li>die Autoindustrie in die Verantwortung nehmen<\/li>\n\n\n\n<li>Krise der Bahnindustrie \u2013 Blick auf die kommende Tarifrunde Nahverkehr<\/li>\n\n\n\n<li>Unterfinanzierung der Verkehrsverb\u00e4nde<\/li>\n\n\n\n<li>zur Verkehrsindustrie geh\u00f6rt auch der Schiffsbau; in diese Sparte geh\u00f6rt auch die Kritik am Freihandel und dem damit zusammenh\u00e4ngenden ausufernden Transportwesen<\/li>\n\n\n\n<li>Aufruf zur Selbstorganisation: wo k\u00f6nnen wir \/ haben wir etwas durchgesetzt? M\u00f6glichkeiten und Argumente f\u00fcr k\u00e4mpferische Aktionen andere Aktionsformen?<\/li>\n\n\n\n<li>auch Utopien<\/li>\n<\/ul>\n\n\n\n<p>III.<br>Es sollten feste Rubriken eingef\u00fchrt werden, etwa:<\/p>\n\n\n\n<ul class=\"wp-block-list\">\n<li>aktuelle Entwicklungen<\/li>\n\n\n\n<li>erfolgreiche K\u00e4mpfe<\/li>\n\n\n\n<li>Utopien<\/li>\n\n\n\n<li>Mythen Hans R. macht daf\u00fcr bis zum n\u00e4chsten Mal einen Vorschlag.<br><br>IV. Auf dem n\u00e4chsten Online-Treffen wollen wir weiter \u00fcber die Grundstruktur sprechen und einen m\u00f6glichen Termin f\u00fcr eine vierte Ausgabe ins Auge fassen. F\u00fcr die Terminfindung ist ein Nudel aufgesetzt mit drei Auswahlterminen: den 6., 13. und 20. November, jeweils 18h:<br>Hier ist der Link: https:\/\/nuudel.digitalcourage.de\/WngcPlOwngrPKPnw<\/li>\n<\/ul>\n\n\n\n<p>PS.<br>Kathy Ziegler hat einen Bericht verfasst \u00fcber den neuesten Stand bei GKN.<br>Er steht auf der Webseite der Aktionszeitung:<\/p>\n\n\n\n<figure class=\"wp-block-embed is-type-wp-embed is-provider-aktionszeitung wp-block-embed-aktionszeitung\"><div class=\"wp-block-embed__wrapper\">\n<blockquote class=\"wp-embedded-content\" data-secret=\"6iwQMicwiB\"><a href=\"https:\/\/aktionszeitung.de\/index.php\/2025\/09\/28\/aufruf-zur-soli-demo-fuer-ex-gkn-am-18-10-25\/\">Aufruf zur Soli-Demo f\u00fcr Ex-GKN am 18.10.25<\/a><\/blockquote><iframe loading=\"lazy\" class=\"wp-embedded-content\" sandbox=\"allow-scripts\" security=\"restricted\" style=\"position: absolute; visibility: hidden;\" title=\"&#8222;Aufruf zur Soli-Demo f\u00fcr Ex-GKN am 18.10.25&#8220; &#8212; Aktionszeitung\" src=\"https:\/\/aktionszeitung.de\/index.php\/2025\/09\/28\/aufruf-zur-soli-demo-fuer-ex-gkn-am-18-10-25\/embed\/#?secret=iWi805Uzjb#?secret=6iwQMicwiB\" data-secret=\"6iwQMicwiB\" width=\"600\" height=\"338\" frameborder=\"0\" marginwidth=\"0\" marginheight=\"0\" scrolling=\"no\"><\/iframe>\n<\/div><\/figure>\n\n\n\n<p><\/p>\n\n\n\n<h2 class=\"wp-block-heading\">Online-Unterst\u00fctzertreffen am 18.9.25, 18 Uhr <\/h2>\n\n\n\n<p><br>Liebe Kollegin, lieber Kollege,<\/p>\n\n\n\n<p><br>die Produktion der 3.Ausgabe der Aktionszeitung ist abgeschlossen und wir hatten schon Gelegenheiten, sie zu verteilen.<br>Wir laden euch deshalb wieder zu einer kritischen Bilanz ein: Inhalt, Aufmachung, Verbreitung.<br>Wir wollen auch wieder nach vorn schauen und uns dar\u00fcber austauschen, welche Inhalte wir in einer vierten Ausgabe behandeln wollen und welche Aktionsbeispiele wir vorstellen k\u00f6nnen.<br>Und wir wollen dar\u00fcber reden, wie wir noch st\u00e4rker in die Breite kommen k\u00f6nnen.<\/p>\n\n\n\n<p><br><strong>Dazu schlagen wir euch einen Zoom am 18.September von 18\u201320h (max.) vor,<br>der Link daf\u00fcr ist:<br>https:\/\/zoom.us\/s\/9910276623?omn=99805488145#success<\/strong><br><\/p>\n\n\n\n<p>Wir w\u00fcrden den Austausch in folgende Punkte gliedern:<\/p>\n\n\n\n<ol class=\"wp-block-list\">\n<li>eine Runde R\u00fcckblick auf die Nr.3: Inhalt, Aufmachung, Verteilung, Input: Angela Klein<\/li>\n\n\n\n<li>wie entwickeln sich soziale Proteste? Was wollen wir aufgreifen?, Input: Paul Michel<\/li>\n\n\n\n<li>darauf aufbauend: die Grundstruktur der Zeitung und Themen f\u00fcr die Ausgabe Nr.4<\/li>\n\n\n\n<li>Wie kommen wir noch mehr in die Fl\u00e4che? Betriebe, Die Linke, Mobilisierungen,<br>Social Media<br><\/li>\n<\/ol>\n\n\n\n<p>Wir w\u00fcrden uns freuen, wenn du wieder mit dabei sein k\u00f6nntest und uns bei der<br>Verbesserung und Verbreitung der Aktionszeitung unterst\u00fctzen k\u00f6nntest.<br>Mit solidarischen Gr\u00fc\u00dfen<br>Angela Klein<br>(f\u00fcr die Redaktion)<br>4.9.2025<\/p>\n\n\n\n<hr class=\"wp-block-separator has-alpha-channel-opacity\"\/>\n\n\n\n<figure class=\"wp-block-image size-full\"><a href=\"https:\/\/aktionszeitung.de\/wp-content\/uploads\/2025\/08\/aktionszeitung03_web.pdf\"><img loading=\"lazy\" decoding=\"async\" width=\"888\" height=\"795\" src=\"https:\/\/aktionszeitung.de\/wp-content\/uploads\/2025\/08\/cover-aktionszeitung-Nr.3.jpg\" alt=\"Cover aktionszeitung nr.3\" class=\"wp-image-193\" srcset=\"https:\/\/aktionszeitung.de\/wp-content\/uploads\/2025\/08\/cover-aktionszeitung-Nr.3.jpg 888w, https:\/\/aktionszeitung.de\/wp-content\/uploads\/2025\/08\/cover-aktionszeitung-Nr.3-300x269.jpg 300w, https:\/\/aktionszeitung.de\/wp-content\/uploads\/2025\/08\/cover-aktionszeitung-Nr.3-768x688.jpg 768w\" sizes=\"auto, (max-width: 888px) 100vw, 888px\" \/><\/a><\/figure>\n\n\n\n<hr class=\"wp-block-separator has-alpha-channel-opacity\"\/>\n\n\n\n<h4 class=\"wp-block-heading\"><a href=\"https:\/\/aktionszeitung.de\/wp-content\/uploads\/2025\/08\/aktionszeitung03_web.pdf\" title=\"\">Zum Download der Aktionszeitung Nr. 3<\/a> <\/h4>\n\n\n\n<hr class=\"wp-block-separator has-alpha-channel-opacity\"\/>\n\n\n\n<blockquote class=\"wp-block-quote is-layout-flow wp-block-quote-is-layout-flow\">\n<blockquote class=\"wp-block-quote is-layout-flow wp-block-quote-is-layout-flow\">\n<p>Liebe Kollegin, lieber Kollege,<\/p>\n\n\n\n<p><strong>die Nr.3&nbsp;<\/strong>der&nbsp;<em>Aktionszeitung f\u00fcr eine Verkehrsindustrie mit Zukunft<\/em>&nbsp;geht jetzt in die Layoutphase.<\/p>\n\n\n\n<p><strong>Sie hat 4 Seiten<\/strong>:<\/p>\n\n\n\n<p><em>Rheinmetall entwaffnen<\/em>&nbsp;macht den Aufschlag mit einem Aufruf zur Sabotage der Kriegswirtschaft (S.1).&nbsp;<\/p>\n\n\n\n<p>J\u00fcrgen B\u00f6nig legt dar, wie die&nbsp;<em>Militarisierung der Infrastruktur<\/em>&nbsp;den Klimawandel anheizt (S.2).<\/p>\n\n\n\n<p><em>GKN<\/em>&nbsp;ist f\u00fcr ein Leuchtturmbeispiel f\u00fcr Konversionsprojekte. Kathy Ziegler war in Florenz beim Literaturfestival von GKN (S.3).<\/p>\n\n\n\n<p>Stephan Krull nimmt Stellung zu&nbsp;<em>Trumps Zollpolitik<\/em>: Weder Freihandel noch Protektionismus lautet seine Devise (S.4).<\/p>\n\n\n\n<p>Dazu Beispiele von \u2013 auch gelungener \u2013&nbsp;<em>Gegenwehr<\/em>: Conti, Bosch, Boge, Troisdorf, Frankfurt\/M. Robin Wood klinkt sich ein mit einer Aktion vor VW Osnabr\u00fcck.<\/p>\n\n\n\n<p>Bis kommenden Sonntag abend k\u00f6nnen wir euch die pdf-Datei zuschicken. Danach brauchen wir&nbsp;<strong>eure Bestellungen \u2013 bis Dienstag mittag 14h!!!<\/strong><\/p>\n\n\n\n<p><strong>Die Bestellungen schickt ihr bitte an kontakt@<a href=\"http:\/\/aktionszeitung.de\/\" target=\"_blank\" rel=\"noreferrer noopener\">aktionszeitung.de<\/a><\/strong><\/p>\n\n\n\n<p>Ihr k\u00f6nnt auch \u00fcber das Bestellformular auf der Webseite gehen:<\/p>\n\n\n\n<p><\/p>\n\n\n\n<p>Die Webseite hat die URL:&nbsp;<a href=\"https:\/\/aktionszeitung.de\/\" target=\"_blank\" rel=\"noreferrer noopener\">https:\/\/aktionszeitung.de<\/a><\/p>\n\n\n\n<p>Vor der T\u00fcr haben wir den Antikriegstag, die beiden gro\u00dfen Demonstrationen gegen den Krieg am 3.Oktober, das Rheinmetall-entwaffnen-Camp in K\u00f6ln, die IAA und sicher noch viele andere Gelegenheiten an anderen Orten.<\/p>\n\n\n\n<p>Danke f\u00fcr eure R\u00fcckmeldung<\/p>\n\n\n\n<p>mit solidarischen Gr\u00fc\u00dfen<\/p>\n\n\n\n<p>Angela Klein<\/p>\n<\/blockquote>\n<\/blockquote>\n\n\n\n<hr class=\"wp-block-separator has-alpha-channel-opacity\"\/>\n\n\n\n<p>Die <strong>3. Ausgabe der &#8222;Aktionszeitung &#8211; f\u00fcr eine Verkehrsindustrie mit Zukunft&#8220; <\/strong>erscheint zum 1.September 2025, wird am 20.8.25 gedruckt und ab 25.8. an die Bestelladressen verschickt. <\/p>\n\n\n\n<p>Schwerpunkt ist diesmal der milit\u00e4rische Umbau der Wirtschaft, die Militarisierung der Infrastruktur und der Widerstand dagegen.<\/p>\n\n\n\n<p>Mit unserem <strong><a href=\"https:\/\/docs.google.com\/forms\/d\/17hbN7PAJhz1CZXHHpD4WGq7GcDkybbWHP2rR3YwDU10\" title=\"\">Bestellformular<\/a><\/strong> kann auch die Nr. 3 der Aktionszeitung ab sofort bestellt werden. Wir berechnen daf\u00fcr nur die Versandkosten. <\/p>\n\n\n\n<hr class=\"wp-block-separator has-alpha-channel-opacity\"\/>\n\n\n\n<h3 class=\"wp-block-heading\">&#8222;Aktionszeitung &#8211; f\u00fcr eine Verkehrsindustrie mit Zukunft&#8220; <\/h3>\n\n\n\n<h4 class=\"wp-block-heading\"><strong><a href=\"https:\/\/aktionszeitung.de\/wp-content\/uploads\/2025\/04\/aktionszeitung2_01-08web.pdf\" title=\"\">Download der 2. Ausgabe<\/a><\/strong> <\/h4>\n\n\n\n<hr class=\"wp-block-separator has-alpha-channel-opacity\"\/>\n\n\n\n<figure class=\"wp-block-image size-large\"><a href=\"https:\/\/aktionszeitung.de\/wp-content\/uploads\/2025\/04\/aktionszeitung2_01-08web.pdf\"><img decoding=\"async\" src=\"https:\/\/aktionszeitung.de\/wp-content\/uploads\/2025\/04\/cover-aktionszeitung-Nr.2.jpg\" alt=\"\"\/><\/a><\/figure>\n\n\n\n<hr class=\"wp-block-separator has-alpha-channel-opacity\"\/>\n\n\n\n<hr class=\"wp-block-separator has-alpha-channel-opacity\"\/>\n\n\n\n<h3 class=\"wp-block-heading\">Die 2. Ausgabe der Aktionszeitung wird am 24.4.25 gedruckt.<\/h3>\n\n\n\n<hr class=\"wp-block-separator has-alpha-channel-opacity\"\/>\n\n\n\n<h2 class=\"wp-block-heading\"><strong>Wer wir sind und was wir wollen<br><\/strong><\/h2>\n\n\n\n<p>Liebe Kollegin, lieber Kollege,<\/p>\n\n\n\n<p>die Auto- und Zulieferindustrie steckt weltweit in einem tiefen Umbruch. Er hat das Potential, die Industrielandschaft in Deutschland in einer Weise zu ver\u00e4ndern, dass wir sie nicht wiedererkennen. Zwei Auswege werden in den Chefetagen der Konzerne diskutiert: ein rabiater Abbau von Arbeitspl\u00e4tzen, einschlie\u00dflich der Stilllegung von Werken \u2013 diese Perspektive ist mit dem neuen Haustarifvertrag bei VW l\u00e4ngst nicht vom Tisch; und der Umstieg auf R\u00fcstungsproduktion. Beides geht v\u00f6llig am gesellschaftlichen Bedarf vorbei und ist f\u00fcr unsere Zukunft und die unserer Kinder eine Katastrophe.<strong><br><\/strong><br>Wir, die Initiator:innen der &#8222;Aktionszeitung&#8220;, wollen uns damit nicht abfinden. Es gibt gen\u00fcgend Sachverstand in diesem Land, der seit langem aufzeigt: Es geht auch anders \u2013 ohne Entlassungen und mit einem Konzept, das die Produktion von individuellen auf \u00f6ffentliche Verkehrsmittel verlagert und dadurch noch einen Beitrag zum Klimaschutz leistet.<br><br>Wir halten es f\u00fcr dringend geboten, die Diskussion \u00fcber solche Alternativen zu beginnen. Auch deshalb, weil die Kapitalkreise ihre eigenen Konversionspl\u00e4ne verfolgen \u2013 n\u00e4mlich zu Panzerschmieden u.a. Kriegsger\u00e4t. Und die extreme Rechte ist auf ihre Weise dabei, politisches Kapital aus den Zukunfts\u00e4ngsten der Kolleginnen und Kollegen zu schlagen.<br><br>Die Aktionszeitung wendet sich an die Kolleginnen und Kollegen der Auto- und Zulieferindustrie, der Bahnindustrie und des \u00f6ffentlichen Nahverkehrs mit der Einladung, sich an der Diskussion \u00fcber die Zukunft unserer Verkehrsindustrie zu beteiligen. Sie wendet sich dar\u00fcber hinaus an die, die in<br>Verkehrswendeinitiativen, in der Klimaschutzbewegung, in der Friedensbewegung aktiv sind und den Kampf um den Erhalt der<br>Arbeitspl\u00e4tze und den Umbau der Industrie unterst\u00fctzen. Der Erhalt der Arbeitspl\u00e4tze ist die erste Bedingung daf\u00fcr, dass \u00fcberhaupt ein Kampf in den Betrieben aufgenommen werden kann.<br><br>Die Zeitung tr\u00e4gt den Namen &#8222;Aktionszeitung \u2013 f\u00fcr eine Verkehrsindustrie mit Zukunft&#8220;. Sie erscheint unregelm\u00e4\u00dfig, aber immer im Zusammenhang mit gr\u00f6\u00dferen Bewegungsmomenten rund um die Verkehrsindustrie: Aktionstage, Demonstrationen, Versammlungen, Streiks.<br>Die erste Ausgabe ist mit 4 Seiten zum bundesweiten Aktionstag der IG Metall am 15.M\u00e4rz in Leipzig, Hannover,  Stuttgart, K\u00f6ln, Frankfurt\/M erschienen.<br>Die zweite Ausgabe erscheint mit acht Seiten zum 1.Mai und zur anschlie\u00dfenden Konferenz der Rosa- Luxemburg-Stiftung \u00bbGegenmacht im Gegenwind\u00ab, vom 2.\u2013 5.Mai in Berlin.<\/p>\n\n\n\n<hr class=\"wp-block-separator has-alpha-channel-opacity\"\/>\n\n\n\n<h4 class=\"wp-block-heading\"><a href=\"https:\/\/docs.google.com\/forms\/d\/17hbN7PAJhz1CZXHHpD4WGq7GcDkybbWHP2rR3YwDU10\" title=\"\">Bestellformular f\u00fcr die Aktionszeitung<\/a><\/h4>\n\n\n\n<p>Mit diesem Online-Formular k\u00f6nnen die beiden ersten Ausgaben der Aktionszeitung angefordert werden. Wir berechnen daf\u00fcr lediglich die Versandkosten.<br>Alternativ kann die Aktionszeitung auch wie bisher per Mail an <a href=\"mailto:heinoberg38@gmail.com\">heinoberg38@gmail.com<\/a> bestellt werden. <\/p>\n\n\n\n<p>Der Rechnungsbetrag liegt der Lieferung bei und ist zu \u00fcberweisen auf das Konto:<\/p>\n\n\n\n<p>Verein f\u00fcr solidarische Perspektiven (VsP e.V.) Stichwort: Aktionszeitung<br>IBAN: DE07 3701 0050 0006 0395 04<br>BIC: PBNKDEFF<br>Die AKTIONSZEITUNG wird gef\u00f6rdert von der Stiftung Menschenw\u00fcrde und Arbeitswelt (MundA).<\/p>\n\n\n\n<p>Die Versendung der diesmal 8-seitigen Zeitung beginnt am 25.4. .<\/p>\n\n\n\n<hr class=\"wp-block-separator has-alpha-channel-opacity\"\/>\n\n\n\n<p><strong>Spendenaufruf<\/strong><\/p>\n\n\n\n<p>Die AKTIONSZEITUNG lebt von der aktivistischen wie materiellen Unterst\u00fctzung derer, die ihre Ziele teilen. Die F\u00f6rderung durch die Stiftungen deckt nicht alle unsere Unkosten, obwohl die meiste Arbeit ehrenamtlich geleistet wird. Wenn du die AKTIONSZEITUNG finanziell unterst\u00fctzen m\u00f6chtest, \u00fcberweise deine Spende bitte auf das oben genannte Konto mit dem Vermerk: &#8222;Spende Aktionszeitung&#8220; <\/p>\n\n\n\n<p><\/p>\n\n\n\n<p>Bisher (15.5.25) sind 1500 \u20ac Spenden von 16 Unterst\u00fctzerInnen der Aktionszeitung eingegangen. &nbsp;<\/p>\n\n\n\n<hr class=\"wp-block-separator has-alpha-channel-opacity\"\/>\n\n\n\n<p><strong>Wie kannst du die Aktionszeitung unterst\u00fctzen?<\/strong><\/p>\n\n\n\n<p><strong><br><\/strong>Indem du sie verteilst \u2013 an deine Kolleg:innen, auf Veranstaltungen, Kundgebungen, Demonstrationen\u2026 <br>Indem du berichtest \u00fcber die Resonanz, die die Zeitung gefunden hat, die Diskussionen, die sie vielleicht ausl\u00f6st.<br>Indem du lokal oder regional ein Netzwerk von Aktivist:innen um sie bildest.<br>Indem du auf Social Media oder in anderen Publikationen f\u00fcr sie wirbst.<br>Indem du f\u00fcr sie spendest (siehe unterstehenden Spendenaufruf).<br>Es w\u00fcrde uns freuen, wenn du zum Kreis der Unterst\u00fctzer:innen dazu geh\u00f6ren wolltest. In diesem Fall nenne uns bitte deinen Namen, deine Stadt und deinen Betrieb \/ deine Gewerkschaft \/ deine Initiative.<\/p>\n\n\n\n<hr class=\"wp-block-separator has-alpha-channel-opacity\"\/>\n\n\n\n<h2 class=\"wp-block-heading\"><a href=\"https:\/\/aktionszeitung.de\/wp-content\/uploads\/2025\/04\/Aktionszeitung_nr1.pdf\">Download der Nr. 1 als PDF<\/a><\/h2>\n\n\n\n<p>Die erste Ausgabe der Aktionszeitung ist am 7.3.25 mit einer Auflage von 46.000 Ex. gedruckt und u.a. bei den Aktionstagen der IGM verteilt worden.  <\/p>\n\n\n        <div id=\"ep-gutenberg-content-c1ad9995b0264a141212b75a1f958204\" class=\"ep-gutenberg-content aligncenter ep-percentage-width   ep-content-protection-disabled\">\n            <div class=\"embedpress-inner-iframe emebedpress-unit-percent ep-doc-c1ad9995b0264a141212b75a1f958204\" style=\"max-width:600%\" id=\"embedpress-pdf-1743573197351\">\n                <div >\n                    <div class=\"ep-embed-content-wraper\"><div class=\"position-right-wraper gutenberg-pdf-wraper\"><iframe title=\"Aktionszeitung_nr1\" class=\"embedpress-embed-document-pdf embedpress-pdf-1743573197351\" style=\"width:600%;height:600px; max-width:100%; display: inline-block\" src=\"https:\/\/aktionszeitung.de\/wp-admin\/admin-ajax.php?action=get_viewer&#038;file=https%3A%2F%2Faktionszeitung.de%2Fwp-content%2Fuploads%2F2025%2F04%2FAktionszeitung_nr1.pdf#key=dGhlbWVNb2RlPWRlZmF1bHQmdG9vbGJhcj10cnVlJnBvc2l0aW9uPXRvcCZwcmVzZW50YXRpb249dHJ1ZSZsYXp5TG9hZD1mYWxzZSZkb3dubG9hZD10cnVlJmNvcHlfdGV4dD10cnVlJmFkZF90ZXh0PXRydWUmZHJhdz1mYWxzZSZkb2Nfcm90YXRpb249dHJ1ZSZhZGRfaW1hZ2U9dHJ1ZSZkb2NfZGV0YWlscz10cnVlJnpvb21faW49dHJ1ZSZ6b29tX291dD10cnVlJmZpdF92aWV3PXRydWUmYm9va21hcms9dHJ1ZSZmbGlwYm9va190b29sYmFyX3Bvc2l0aW9uPWJvdHRvbSZzZWxlY3Rpb25fdG9vbD0wJnNjcm9sbGluZz0tMSZzcHJlYWRzPS0xJndhdGVybWFya190ZXh0PSZ3YXRlcm1hcmtfZm9udF9zaXplPTQ4JndhdGVybWFya19jb2xvcj0lMjMwMDAwMDAmd2F0ZXJtYXJrX29wYWNpdHk9MTUmd2F0ZXJtYXJrX3N0eWxlPWNlbnRlcg==\" frameborder=\"0\" oncontextmenu=\"return false;\"><\/iframe> <p class=\"embedpress-el-powered\">Powered By EmbedPress<\/p><\/div><\/div>                <\/div>\n            <\/div>\n        <\/div>\n    ","protected":false},"excerpt":{"rendered":"<p>Bericht Auswertungstreffen vom 19.9.25 Liebe Kollegin, lieber Kollege,anbei ein kleiner Bericht \u00fcber den Auswertungszoom, den wir am 18. September durchgef\u00fchrt haben und wie unsere weiteren Planungen sind.I.Die Runde R\u00fcckblick auf &#8230; <a title=\"Start\" class=\"read-more\" href=\"https:\/\/aktionszeitung.de\/\" aria-label=\"Mehr Informationen \u00fcber Start\">Weiterlesen<\/a><\/p>\n","protected":false},"author":1,"featured_media":0,"parent":0,"menu_order":0,"comment_status":"closed","ping_status":"closed","template":"","meta":{"slim_seo":{"title":"Aktionszeitung","description":"Bericht Auswertungstreffen vom 19.9.25 Liebe Kollegin, lieber Kollege, anbei ein kleiner Bericht \u00fcber den Auswertungszoom, den wir am 18. September durchgef\u00fchrt"},"footnotes":""},"class_list":["post-11","page","type-page","status-publish"],"_links":{"self":[{"href":"https:\/\/aktionszeitung.de\/index.php\/wp-json\/wp\/v2\/pages\/11","targetHints":{"allow":["GET"]}}],"collection":[{"href":"https:\/\/aktionszeitung.de\/index.php\/wp-json\/wp\/v2\/pages"}],"about":[{"href":"https:\/\/aktionszeitung.de\/index.php\/wp-json\/wp\/v2\/types\/page"}],"author":[{"embeddable":true,"href":"https:\/\/aktionszeitung.de\/index.php\/wp-json\/wp\/v2\/users\/1"}],"replies":[{"embeddable":true,"href":"https:\/\/aktionszeitung.de\/index.php\/wp-json\/wp\/v2\/comments?post=11"}],"version-history":[{"count":47,"href":"https:\/\/aktionszeitung.de\/index.php\/wp-json\/wp\/v2\/pages\/11\/revisions"}],"predecessor-version":[{"id":219,"href":"https:\/\/aktionszeitung.de\/index.php\/wp-json\/wp\/v2\/pages\/11\/revisions\/219"}],"wp:attachment":[{"href":"https:\/\/aktionszeitung.de\/index.php\/wp-json\/wp\/v2\/media?parent=11"}],"curies":[{"name":"wp","href":"https:\/\/api.w.org\/{rel}","templated":true}]}}